{"id":2,"date":"2016-05-10T03:48:21","date_gmt":"2016-05-10T03:48:21","guid":{"rendered":"https:\/\/amcmusikaeskoladonostia.com\/?page_id=2"},"modified":"2024-09-16T18:55:11","modified_gmt":"2024-09-16T16:55:11","slug":"profesores","status":"publish","type":"page","link":"https:\/\/amcmusikaeskoladonostia.com\/es\/profesores","title":{"rendered":"Profesores"},"content":{"rendered":"<p>[vc_row full_width=&#8221;stretch_row&#8221; css=&#8221;.vc_custom_1653060183834{padding-top: 100px !important;padding-bottom: 100px !important;background: #4f4f4f url(https:\/\/amcmusikaeskoladonostia.com\/wp-content\/uploads\/2022\/05\/portada-profesores.png?id=8024) !important;background-position: center !important;background-repeat: no-repeat !important;background-size: cover !important;}&#8221;][vc_column][vc_custom_heading text=&#8221;Profesores&#8221; font_container=&#8221;tag:h1|text_align:center|color:%23ffffff&#8221; use_theme_fonts=&#8221;yes&#8221; css=&#8221;.vc_custom_1634809927703{padding-top: 40px !important;padding-bottom: 40px !important;background-color: rgba(53,53,53,0.6) !important;*background-color: rgb(53,53,53) !important;}&#8221;][\/vc_column][\/vc_row][vc_row content_placement=&#8221;middle&#8221; css=&#8221;.vc_custom_1634810305457{padding-top: 50px !important;padding-bottom: 25px !important;}&#8221;][vc_column width=&#8221;1\/4&#8243;][vc_single_image image=&#8221;7594&#8243; img_size=&#8221;full&#8221; alignment=&#8221;center&#8221; css_animation=&#8221;fadeInLeft&#8221;][\/vc_column][vc_column width=&#8221;3\/4&#8243;][vc_custom_heading text=&#8221;Luis Mar\u00eda Moreno Urretavizcaya&#8221; font_container=&#8221;tag:h2|text_align:center|color:%231c3f55&#8243; use_theme_fonts=&#8221;yes&#8221;][vc_text_separator title=&#8221;Director pedag\u00f3gico de estudios musicales&#8221; color=&#8221;black&#8221; style=&#8221;dotted&#8221; border_width=&#8221;2&#8243;][vc_column_text]<\/p>\n<p style=\"text-align: justify;\">Luis M\u00aa Moreno (Pirata) m\u00fasico multidisciplinar miembro de la Banda de Late Motiv\u00a0de Andreu Buenafuente, que ha colaborado con artistas como\u00a0 Orquesta Mondrag\u00f3n, Coque Malla, Ariel Rot, Miguel R\u00edos, Marea, Barricada, Luz Casal, Bunbury, etc\u2026<\/p>\n<p>[\/vc_column_text][\/vc_column][\/vc_row][vc_row content_placement=&#8221;middle&#8221; css=&#8221;.vc_custom_1634810409965{padding-top: 25px !important;padding-bottom: 25px !important;}&#8221;][vc_column width=&#8221;1\/4&#8243;][vc_single_image image=&#8221;8396&#8243; img_size=&#8221;full&#8221; alignment=&#8221;center&#8221; css_animation=&#8221;fadeInLeft&#8221;][\/vc_column][vc_column width=&#8221;3\/4&#8243;][vc_custom_heading text=&#8221;Aitor Miramon&#8221; font_container=&#8221;tag:h2|text_align:center|color:%231c3f55&#8243; use_theme_fonts=&#8221;yes&#8221;][vc_text_separator title=&#8221;Guitarra | Bajo&#8221; color=&#8221;black&#8221; style=&#8221;dotted&#8221; border_width=&#8221;2&#8243;][vc_column_text]Aitor Marimon (1999) Criado en Vitoria-Gasteiz, comenz\u00f3 a tocar la guitarra con 13 a\u00f1os de manera autodidacta. Con influencias de g\u00e9neros como el rock, el blues o el jazz, se traslad\u00f3 a Donostia para cursar el grado superior de guitarra-jazz en el centro \u00a0Musikene. Actualmente participa en diferentes proyectos musicales de la escena vasca.[\/vc_column_text][\/vc_column][\/vc_row][vc_row content_placement=&#8221;middle&#8221; css=&#8221;.vc_custom_1634810409965{padding-top: 25px !important;padding-bottom: 25px !important;}&#8221;][vc_column width=&#8221;1\/4&#8243;][vc_single_image image=&#8221;8365&#8243; img_size=&#8221;full&#8221; alignment=&#8221;center&#8221; css_animation=&#8221;fadeInLeft&#8221;][\/vc_column][vc_column width=&#8221;3\/4&#8243;][vc_custom_heading text=&#8221;I\u00f1aki Barrenetxea Garbizu&#8221; font_container=&#8221;tag:h2|text_align:center|color:%231c3f55&#8243; use_theme_fonts=&#8221;yes&#8221;][vc_text_separator title=&#8221;Guitarra | Bajo&#8221; color=&#8221;black&#8221; style=&#8221;dotted&#8221; border_width=&#8221;2&#8243;][vc_column_text]I\u00f1aki es un apasionado m\u00fasico y t\u00e9cnico de sonido con m\u00e1s de 10 a\u00f1os de experiencia en el \u00e1mbito musical. Su amor por la m\u00fasica comenz\u00f3 de forma autodidacta con la guitarra, lo que le llev\u00f3 a formarse con varios maestros y, eventualmente, a estudiar Guitarra Cl\u00e1sica en el conservatorio Francisco Escudero de Donostia. La composici\u00f3n y producci\u00f3n de m\u00fasica siempre han sido sus grandes intereses, manifest\u00e1ndose no solo en su formaci\u00f3n sino tambi\u00e9n en su experiencia profesional.<\/p>\n<p>Con su empresa, I\u00f1aki Musik, ha trabajado en eventos privados como m\u00fasico y DJ, Su experiencia y dedicaci\u00f3n le permiten ofrecer una ense\u00f1anza de calidad, basada en la pr\u00e1ctica y en la experiencia real, asegurando que sus estudiantes reciban una formaci\u00f3n musical integral y significativa.[\/vc_column_text][\/vc_column][\/vc_row][vc_row content_placement=&#8221;middle&#8221; css=&#8221;.vc_custom_1634810409965{padding-top: 25px !important;padding-bottom: 25px !important;}&#8221;][vc_column width=&#8221;1\/4&#8243;][vc_single_image image=&#8221;8323&#8243; img_size=&#8221;full&#8221; alignment=&#8221;center&#8221; css_animation=&#8221;fadeInLeft&#8221;][\/vc_column][vc_column width=&#8221;3\/4&#8243;][vc_custom_heading text=&#8221;Myriam Arg\u00fcello&#8221; font_container=&#8221;tag:h2|text_align:center|color:%231c3f55&#8243; use_theme_fonts=&#8221;yes&#8221;][vc_text_separator title=&#8221;Canto moderno \/ Piano \/ Bajo \/ Ukelele \/ Guitarra ac\u00fastica&#8221; color=&#8221;black&#8221; style=&#8221;dotted&#8221; border_width=&#8221;2&#8243;][vc_column_text]Realiza estudios en el Real Conservatorio de M\u00fasica de Madrid. Licenciada en Psicolog\u00eda, se especializa en pedagog\u00eda musical e imparte cursos de t\u00e9cnica vocal. Estudia piano con el maestro Jos\u00e9 Tordesillas y bajo con Billy Villegas (bajista de artistas como Golpes Bajos o Antonio Vega, entre otros).<br \/>\nCon m\u00e1s de 20 a\u00f1os de experiencia en la docencia, en 2010 entra a formar parte de \u201cAlmer, escuela de m\u00fasica y rock\u201d en Las Rozas de Madrid, dirigiendo el departamento de rock.<br \/>\nSe define como multi-instrumentista, impartiendo clases de bajo, piano, guitarra ac\u00fastica y ukelele, adem\u00e1s de canto.[\/vc_column_text][\/vc_column][\/vc_row][vc_row content_placement=&#8221;middle&#8221; css=&#8221;.vc_custom_1634810409965{padding-top: 25px !important;padding-bottom: 25px !important;}&#8221;][vc_column width=&#8221;1\/4&#8243;][vc_single_image image=&#8221;7598&#8243; img_size=&#8221;full&#8221; alignment=&#8221;center&#8221; css_animation=&#8221;fadeInLeft&#8221;][\/vc_column][vc_column width=&#8221;3\/4&#8243;][vc_custom_heading text=&#8221;Gonzalo Encinal&#8221; font_container=&#8221;tag:h2|text_align:center|color:%231c3f55&#8243; use_theme_fonts=&#8221;yes&#8221;][vc_text_separator title=&#8221;Piano | Teclados | Lenguaje musical | Armon\u00eda&#8221; color=&#8221;black&#8221; style=&#8221;dotted&#8221; border_width=&#8221;2&#8243;][vc_column_text]<\/p>\n<p style=\"text-align: justify;\">(Algeciras, 1990), Pianista.<\/p>\n<p style=\"text-align: justify;\">Ha pasado la mayor parte de su vida en Madrid. Comienza a tocar el piano de manera autodidacta para despu\u00e9s recibir clases de Pablo Guti\u00e9rrez, quien lo introducir\u00eda en el mundo del jazz. Ha cursado el Grado Superior de Composici\u00f3n de M\u00fasicas Contempor\u00e1neas y actualmente cursa en Musikene el Grado Superior de Interpretaci\u00f3n en la especialidad de piano jazz. Ha recibido clases de Pablo Guti\u00e9rrez, Jorge Vera, I\u00f1aki Salvador, Juan Sebasti\u00e1n V\u00e1zquez, Rodrigo Faina, Jos\u00e9 Javier Pe\u00f1a Aguayo, Miguel \u00c1ngel Rodr\u00edguez y Walter Beltrami entre otros y asistido a clases magistrales de Bob Minzter, Kenny Werner, Richard Bona, Jonathan Blake&#8230;<\/p>\n<p style=\"text-align: justify;\">Como docente ha trabajado en la Escuela de Nuevas M\u00fasicas, la Escuela Orquesta y la Escuela Al comp\u00e1s, adem\u00e1s de dar clases particulares. Como compositor ha realizado m\u00fasica para formatos audiovisuales y tambi\u00e9n ha escrito m\u00fasica de concierto para big band, ensemble contempor\u00e1neo de doce m\u00fasicos, quinteto de viento, cuarteto de cuerda&#8230; Como m\u00fasico ha realizado conciertos en diferentes puntos del pa\u00eds con diferentes proyectos de m\u00fasica moderna. Ha sido el pianista titular del musical \u201cLa La Land El Tributo\u201d, realizando gira por Espa\u00f1a. Ha tocado en diversos clubs de Jazz como El Bogui, El Plaza, AC Recoletos, Caf\u00e9 El Despertar, El Moe, etc. Ha grabado en Estudio Uno temas originales y otros y actualmente lidera su tr\u00edo de jazz y participa en otros proyectos de jazz y m\u00fasica moderna<\/p>\n<p>[\/vc_column_text][\/vc_column][\/vc_row][vc_row content_placement=&#8221;middle&#8221; css=&#8221;.vc_custom_1634810409965{padding-top: 25px !important;padding-bottom: 25px !important;}&#8221;][vc_column width=&#8221;1\/4&#8243;][vc_single_image image=&#8221;7888&#8243; img_size=&#8221;full&#8221; alignment=&#8221;center&#8221; css_animation=&#8221;fadeInLeft&#8221;][\/vc_column][vc_column width=&#8221;3\/4&#8243;][vc_custom_heading text=&#8221;Maider Biguri&#8221; font_container=&#8221;tag:h2|text_align:center|color:%231c3f55&#8243; use_theme_fonts=&#8221;yes&#8221;][vc_text_separator title=&#8221;Piano | Canto Moderno | Coro&#8221; color=&#8221;black&#8221; style=&#8221;dotted&#8221; border_width=&#8221;2&#8243;][vc_column_text]Maider Biguri ha cursado Estudios Superiores de M\u00fasica en la especialidad de Pedagog\u00eda en Musikene, Centro Superior de M\u00fasica del Pa\u00eds Vasco. Adem\u00e1s es titulada en canto por el conservatorio municipal de Leioa.<\/p>\n<p>Participa activamente en coros de G\u00f3spel, Opera como mezzosoprano, canto <em>a Capela<\/em> y una larga lista de actividades en el mundo del canto.[\/vc_column_text][\/vc_column][\/vc_row][vc_row content_placement=&#8221;middle&#8221; css=&#8221;.vc_custom_1634810409965{padding-top: 25px !important;padding-bottom: 25px !important;}&#8221;][vc_column width=&#8221;1\/4&#8243;][vc_single_image image=&#8221;8398&#8243; img_size=&#8221;full&#8221; alignment=&#8221;center&#8221; css_animation=&#8221;fadeInLeft&#8221;][\/vc_column][vc_column width=&#8221;3\/4&#8243;][vc_custom_heading text=&#8221;Martxel Parrondo&#8221; font_container=&#8221;tag:h2|text_align:center|color:%231c3f55&#8243; use_theme_fonts=&#8221;yes&#8221;][vc_text_separator title=&#8221;Bater\u00eda&#8221; color=&#8221;black&#8221; style=&#8221;dotted&#8221; border_width=&#8221;2&#8243;][vc_column_text]Empez\u00f3 a estudiar m\u00fasica con 6 a\u00f1os en el conservatorio de Errenteria, y a los 8 a\u00f1os ya estaba recibiendo clases de percusi\u00f3n de Jesus Mari Garmendia. Durante sus estudios, ingres\u00f3 en la banda de errenteria (EMKE) y \u00a0en la orquesta de euskadi de alumnos (EIO). Una vez terminados los estudios, ingres\u00f3 en los grupos \u201cKolpez Blai\u201d y \u201cPsycho Clown\u201d, dentro de Zo Zong\u00f3 producciones, que forma parte de ellos actualmente junto a su otro grupo \u201cLa Rutan\u201d.[\/vc_column_text][\/vc_column][\/vc_row][vc_row content_placement=&#8221;middle&#8221; css=&#8221;.vc_custom_1634810409965{padding-top: 25px !important;padding-bottom: 25px !important;}&#8221;][vc_column width=&#8221;1\/4&#8243;][vc_single_image image=&#8221;8246&#8243; img_size=&#8221;full&#8221; alignment=&#8221;center&#8221; css_animation=&#8221;fadeInLeft&#8221;][\/vc_column][vc_column width=&#8221;3\/4&#8243;][vc_custom_heading text=&#8221;Sara Mansilla&#8221; font_container=&#8221;tag:h2|text_align:center|color:%231c3f55&#8243; use_theme_fonts=&#8221;yes&#8221;][vc_text_separator title=&#8221;Guitarra | Canto Moderno | Infantil&#8221; color=&#8221;black&#8221; style=&#8221;dotted&#8221; border_width=&#8221;2&#8243;][vc_column_text]Sara Mansilla, vocalista y guitarrista Donostiarra. Graduada en estudios de Interpretaci\u00f3n Jazz en Musikene.<\/p>\n<p>M\u00fasica independiente con trabajos originales publicados que ha participado en eventos como el festival de jazz de San Sebasti\u00e1n, el Kutxa Kultur Fest, y Gure Ahotsak, entre otros.<\/p>\n<p>Amplia experiencia trabajando en solitario, grupos, coro, big band y brass band.<\/p>\n<p>Enfoque pedag\u00f3gico dirigido a mejorar tanto aspectos t\u00e9cnicos como de interpretaci\u00f3n, improvisaci\u00f3n y composici\u00f3n de repertorio personal.[\/vc_column_text][\/vc_column][\/vc_row][vc_row content_placement=&#8221;middle&#8221; css=&#8221;.vc_custom_1634810402268{padding-top: 25px !important;padding-bottom: 25px !important;}&#8221;][vc_column width=&#8221;1\/4&#8243;][vc_single_image image=&#8221;8336&#8243; img_size=&#8221;full&#8221; alignment=&#8221;center&#8221; css_animation=&#8221;fadeInLeft&#8221;][\/vc_column][vc_column width=&#8221;3\/4&#8243;][vc_custom_heading text=&#8221;Ainhoa Izaguirre Parra&#8221; font_container=&#8221;tag:h2|text_align:center|color:%231c3f55&#8243; use_theme_fonts=&#8221;yes&#8221;][vc_text_separator title=&#8221;Piano | Canto Moderno | Infantil&#8221; color=&#8221;black&#8221; style=&#8221;dotted&#8221; border_width=&#8221;2&#8243;][vc_column_text]Ainhoa Izaguirre es graduada en Pedagog\u00eda Musical por el Centro Superior de M\u00fasica del Pa\u00eds Vasco, Musikene. Paralelamente obtiene la titulaci\u00f3n en las especialidades de Piano y Canto en el Conservatorio Jes\u00fas Guridi de Vitoria-Gasteiz. Con una amplia experiencia como int\u00e9rprete y pianista de formaciones corales, estos \u00faltimos a\u00f1os ha tenido la oportunidad de participar en diferentes conciertos como cantante solista. Considera que toda su trayectoria ha contribuido y reforzado su formaci\u00f3n como m\u00fasico y pedagoga.[\/vc_column_text][\/vc_column][\/vc_row][vc_row content_placement=&#8221;middle&#8221; css=&#8221;.vc_custom_1634810402268{padding-top: 25px !important;padding-bottom: 25px !important;}&#8221;][vc_column width=&#8221;1\/4&#8243;][vc_single_image image=&#8221;8401&#8243; img_size=&#8221;full&#8221; alignment=&#8221;center&#8221; css_animation=&#8221;fadeInLeft&#8221;][\/vc_column][vc_column width=&#8221;3\/4&#8243;][vc_custom_heading text=&#8221;Nahia Valle&#8221; font_container=&#8221;tag:h2|text_align:center|color:%231c3f55&#8243; use_theme_fonts=&#8221;yes&#8221;][vc_text_separator title=&#8221;Piano | Canto Moderno | Infantil&#8221; color=&#8221;black&#8221; style=&#8221;dotted&#8221; border_width=&#8221;2&#8243;][vc_column_text]Nahia Valle, pedagoga y cantante hernaniarra. Graduada en la especialidad de Pedagog\u00eda en Musikene, Centro Superior de M\u00fasica del Pa\u00eds Vasco.<br \/>\nParticipa como cantante en Aldapeko Basque Latin Jazz y en Femmm Vocal Jazz, adem\u00e1s de colaborar en diversos proyectos sociales (AiDo Project) como pedagoga.[\/vc_column_text][\/vc_column][\/vc_row]<\/p>\n","protected":false},"excerpt":{"rendered":"<p>[vc_row full_width=&#8221;stretch_row&#8221; css=&#8221;.vc_custom_1653060183834{padding-top: 100px !important;padding-bottom: 100px !important;background: #4f4f4f url(https:\/\/amcmusikaeskoladonostia.com\/wp-content\/uploads\/2022\/05\/portada-profesores.png?id=8024) !important;background-position: center !important;background-repeat: no-repeat !important;background-size: cover !important;}&#8221;][vc_column][vc_custom_heading text=&#8221;Profesores&#8221; font_container=&#8221;tag:h1|text_align:center|color:%23ffffff&#8221; use_theme_fonts=&#8221;yes&#8221; css=&#8221;.vc_custom_1634809927703{padding-top: 40px !important;padding-bottom: 40px !important;background-color: rgba(53,53,53,0.6) !important;*background-color: rgb(53,53,53) !important;}&#8221;][\/vc_column][\/vc_row][vc_row content_placement=&#8221;middle&#8221; css=&#8221;.vc_custom_1634810305457{padding-top: [&hellip;]<\/p>\n","protected":false},"author":1,"featured_media":0,"parent":0,"menu_order":0,"comment_status":"closed","ping_status":"open","template":"","meta":[],"_links":{"self":[{"href":"https:\/\/amcmusikaeskoladonostia.com\/es\/wp-json\/wp\/v2\/pages\/2"}],"collection":[{"href":"https:\/\/amcmusikaeskoladonostia.com\/es\/wp-json\/wp\/v2\/pages"}],"about":[{"href":"https:\/\/amcmusikaeskoladonostia.com\/es\/wp-json\/wp\/v2\/types\/page"}],"author":[{"embeddable":true,"href":"https:\/\/amcmusikaeskoladonostia.com\/es\/wp-json\/wp\/v2\/users\/1"}],"replies":[{"embeddable":true,"href":"https:\/\/amcmusikaeskoladonostia.com\/es\/wp-json\/wp\/v2\/comments?post=2"}],"version-history":[{"count":18,"href":"https:\/\/amcmusikaeskoladonostia.com\/es\/wp-json\/wp\/v2\/pages\/2\/revisions"}],"predecessor-version":[{"id":8409,"href":"https:\/\/amcmusikaeskoladonostia.com\/es\/wp-json\/wp\/v2\/pages\/2\/revisions\/8409"}],"wp:attachment":[{"href":"https:\/\/amcmusikaeskoladonostia.com\/es\/wp-json\/wp\/v2\/media?parent=2"}],"curies":[{"name":"wp","href":"https:\/\/api.w.org\/{rel}","templated":true}]}}